{"id":389,"date":"2018-05-20T15:16:49","date_gmt":"2018-05-20T15:16:49","guid":{"rendered":"https:\/\/coiffeur-landwehrs.de\/test\/?page_id=130"},"modified":"2026-03-23T10:46:26","modified_gmt":"2026-03-23T09:46:26","slug":"front-page","status":"publish","type":"page","link":"https:\/\/coiffeur-landwehrs.de\/","title":{"rendered":"Front Page"},"content":{"rendered":"<p>[vc_section el_name=&#8220;Das Team&#8220; bklyn_section_anchor_id=&#8220;Das Team&#8220;][vc_row bklyn_section_anchor_id=&#8220;Termin&#8220;][vc_column el_id=&#8220;termin&#8220;]<style type=\"text\/css\" scoped>#bklyn_btn_69f5ebf09d083 .bklyn-btn { border-color:#c39f76 !important; border-radius:1px !important; }#bklyn_btn_69f5ebf09d083 a { letter-spacing:0.15em; }#bklyn_btn_69f5ebf09d083 a i:before { font-size:25px; }<\/style><div id=\"bklyn_btn_69f5ebf09d083\" class=\"bklyn-btn-holder  bklyn-btn-center bklyn-btn-holder-contains-fuild-button\"><a title=\"Time Globe\" data-text=\"Termin buchen\"  href=\"https:\/\/timeglobe.app\/book\/landwehrs\/landwehrs\" target=\"_self\" class=\"bklyn-btn bklyn-btn-with-effect bklyn-btn-effect-winona bklyn-btn-shadow bklyn-btn-outline bklyn-btn-full bklyn-btn-icon-left bklyn-btn-large\" rel=\"nofollow\"><i class=\"fa fa-calendar-check-o\"><\/i><span class=\"ut-btn-text\"><span>Termin buchen<\/span><\/span><\/a><\/div>[\/vc_column][\/vc_row][vc_row][vc_column width=&#8220;5\/12&#8243;]<div  class=\"wpb_content_element   clearfix\"><style type=\"text\/css\" scoped>#ut_am_69f5ebf09d4ce { opacity: 1; }<\/style><div id=\"ut_am_wrap_69f5ebf09d4cf\" class=\"ut-image-gallery-image \" style=\"text-align:left;\"><div class=\"ut-animated-image-item ut-image-gallery-item ut-animation-done\"><a class=\"ut-deactivated-link\" href=\"#\"><img  id=\"ut_am_69f5ebf09d4ce\" style=\"\" src=\"https:\/\/coiffeur-landwehrs.de\/wp-content\/uploads\/2019\/05\/scheere_s.svg\" width=\"45\" height=\"75\" alt=\"\"\/><\/a><\/div><\/div><\/div><div class=\"wpb_content_element \"><style type=\"text\/css\" scoped>#ut_header_69f5ebf09d6ce.pt-style-2 .page-title:after, #ut_header_69f5ebf09d6ce.pt-style-2 .parallax-title:after, #ut_header_69f5ebf09d6ce.pt-style-2 .section-title:after {background-color:!important;height: ;width: ;}<\/style><header id=\"ut_header_69f5ebf09d6ce\" class=\"section-header ut-no-title-linebreak-mobile ut-no-lead-linebreak-mobile pt-style-2 header-left\"><h2  class=\"section-title \"><span>Das Team<\/span><\/h2><div data-delay=\"0\" class=\"lead \"><p>Das Coiffeur Landwehrs Team besteht neben hochqualifizierten Experten f\u00fcr Haarstyle, Zweithaar und M\u00e4nnerrasuren, aus fachlich geschulten Top-Coloristen, die sich im pers\u00f6nlichen Gespr\u00e4ch mit dem Kunden ein Bild seiner Vorstellungen und W\u00fcnsche machen und diese fachlich umsetzen.<\/p>\n<\/div><\/header><\/div><style type=\"text\/css\" scoped>#ut_custom_heading69f5ebf09db1b { color:#333333; }#ut_custom_heading69f5ebf09db1b { font-family:Nothing You Could Do;font-weight:400;font-style:normal; }#ut_custom_heading69f5ebf09db1b { font-size:30px; }#ut_custom_heading69f5ebf09db1b { text-align:left; }<\/style><div id=\"ut_custom_heading69f5ebf09db1b\" class=\"ut-custom-heading-module   vc_custom_1557395754222\" ><span>Cornelia Meyer<\/span><\/div>[\/vc_column][vc_column width=&#8220;7\/12&#8243;]<div  class=\"wpb_content_element   clearfix\"><style type=\"text\/css\" scoped>#ut_am_69f5ebf09de1a { opacity: 1; }<\/style><div id=\"ut_am_wrap_69f5ebf09de1b\" class=\"ut-image-gallery-image \" style=\"text-align:center;\"><div class=\"ut-animated-image-item ut-image-gallery-item ut-animation-done\"><a class=\"ut-deactivated-link\" href=\"#\"><img  id=\"ut_am_69f5ebf09de1a\" style=\"\" src=\"https:\/\/coiffeur-landwehrs.de\/wp-content\/uploads\/2019\/05\/scheren_1.jpg\" width=\"1000\" height=\"667\" alt=\"\"\/><\/a><\/div><\/div><\/div>[\/vc_column][\/vc_row][vc_row][vc_column width=&#8220;1\/3&#8243;]<div  class=\"wpb_content_element   clearfix\"><style type=\"text\/css\" scoped>#ut_am_69f5ebf09e155 { opacity: 1; }<\/style><div id=\"ut_am_wrap_69f5ebf09e156\" class=\"ut-image-gallery-image \" style=\"text-align:left;\"><div class=\"ut-animated-image-item ut-image-gallery-item ut-animation-done\"><a class=\"ut-deactivated-link\" href=\"#\"><img  id=\"ut_am_69f5ebf09e155\" style=\"\" src=\"https:\/\/coiffeur-landwehrs.de\/wp-content\/uploads\/2019\/04\/team_conny2-667x867.jpg\" width=\"667\" height=\"867\" alt=\"\"\/><\/a><\/div><\/div><\/div><div class=\"wpb_content_element \"><style type=\"text\/css\" scoped>#ut-svg-69f5ebf09e18d { display:none; }#ut-svg-69f5ebf09e18d.ut-svg-loaded { display:block; }#ut-svg-69f5ebf09e18d path { stroke:rgba(195, 159, 118, 1); }<\/style><div id=\"ut_sc_69f5ebf09e18c\"  class=\"ut-horizontal-style-align-left  clearfix \" ><div class=\"ut-service-column ut-service-column-horiz\"><h3>Conny<\/h3><p>Friseurmeisterin<br \/>\nSaloninhaberin<br \/>\nZweithaarspezialistin<\/p><\/div><\/div><\/div>[\/vc_column][vc_column width=&#8220;1\/3&#8243;]<div  class=\"wpb_content_element   clearfix\"><style type=\"text\/css\" scoped>#ut_am_69f5ebf09e478 { opacity: 1; }<\/style><div id=\"ut_am_wrap_69f5ebf09e479\" class=\"ut-image-gallery-image \" style=\"text-align:left;\"><div class=\"ut-animated-image-item ut-image-gallery-item ut-animation-done\"><a class=\"ut-deactivated-link\" href=\"#\"><img  id=\"ut_am_69f5ebf09e478\" style=\"\" src=\"https:\/\/coiffeur-landwehrs.de\/wp-content\/uploads\/2019\/04\/team_luca2-667x867.jpg\" width=\"667\" height=\"867\" alt=\"\"\/><\/a><\/div><\/div><\/div><div class=\"wpb_content_element \"><style type=\"text\/css\" scoped>#ut-svg-69f5ebf09e4ad { display:none; }#ut-svg-69f5ebf09e4ad.ut-svg-loaded { display:block; }#ut-svg-69f5ebf09e4ad path { stroke:rgba(195, 159, 118, 1); }<\/style><div id=\"ut_sc_69f5ebf09e4ac\"  class=\"ut-horizontal-style-align-left  clearfix \" ><div class=\"ut-service-column ut-service-column-horiz\"><h3>Luca<\/h3><p>Friseur &amp; Diplomcolorist<br \/>\nSpezialisiert auf Herrenfrisuren<br \/>\nProfessionelle Herrenrasur<\/p><\/div><\/div><\/div>[\/vc_column][vc_column width=&#8220;1\/3&#8243;]<div  class=\"wpb_content_element   clearfix\"><style type=\"text\/css\" scoped>#ut_am_69f5ebf09e741 { opacity: 1; }<\/style><div id=\"ut_am_wrap_69f5ebf09e742\" class=\"ut-image-gallery-image \" style=\"text-align:left;\"><div class=\"ut-animated-image-item ut-image-gallery-item ut-animation-done\"><a class=\"ut-deactivated-link\" href=\"#\"><img  id=\"ut_am_69f5ebf09e741\" style=\"\" src=\"https:\/\/coiffeur-landwehrs.de\/wp-content\/uploads\/2019\/04\/team_iris2-667x867.jpg\" width=\"667\" height=\"867\" alt=\"\"\/><\/a><\/div><\/div><\/div><div class=\"wpb_content_element \"><style type=\"text\/css\" scoped>#ut-svg-69f5ebf09e771 { display:none; }#ut-svg-69f5ebf09e771.ut-svg-loaded { display:block; }#ut-svg-69f5ebf09e771 path { stroke:rgba(195, 159, 118, 1); }<\/style><div id=\"ut_sc_69f5ebf09e770\"  class=\"ut-horizontal-style-align-left  clearfix \" ><div class=\"ut-service-column ut-service-column-horiz\"><h3>Iris<\/h3><p>Friseurin &amp; Zertifizierte Coloristin<br \/>\nDamen- und Herrenhaarschnitte, F\u00f6hnfrisuren, Dauerwellen, Verschiedene Str\u00e4hnentechniken<br \/>\nTeilzeit (Di. Do. Fr. Sa.)<\/p><\/div><\/div><\/div>[\/vc_column][\/vc_row][vc_row][vc_column width=&#8220;1\/3&#8243;]<div  class=\"wpb_content_element   clearfix\"><style type=\"text\/css\" scoped>#ut_am_69f5ebf09ea00 { opacity: 1; }<\/style><div id=\"ut_am_wrap_69f5ebf09ea01\" class=\"ut-image-gallery-image \" style=\"text-align:left;\"><div class=\"ut-animated-image-item ut-image-gallery-item ut-animation-done\"><a class=\"ut-deactivated-link\" href=\"#\"><img  id=\"ut_am_69f5ebf09ea00\" style=\"\" src=\"https:\/\/coiffeur-landwehrs.de\/wp-content\/uploads\/2024\/04\/zxy_1-1.jpg\" width=\"667\" height=\"867\" alt=\"\"\/><\/a><\/div><\/div><\/div><div class=\"wpb_content_element \"><style type=\"text\/css\" scoped>#ut-svg-69f5ebf09ea31 { display:none; }#ut-svg-69f5ebf09ea31.ut-svg-loaded { display:block; }#ut-svg-69f5ebf09ea31 path { stroke:rgba(195, 159, 118, 1); }<\/style><div id=\"ut_sc_69f5ebf09ea30\"  class=\"ut-horizontal-style-align-left  clearfix \" ><div class=\"ut-service-column ut-service-column-horiz\"><h3>Jasmina<\/h3><p>Friseurin<br \/>\nZweithaarspezialistin<br \/>\nF\u00e4rbe- und Str\u00e4hnentechniken<\/p><\/div><\/div><\/div>[\/vc_column][vc_column width=&#8220;1\/3&#8243;]<div  class=\"wpb_content_element   clearfix\"><style type=\"text\/css\" scoped>#ut_am_69f5ebf09ecb5 { opacity: 1; }<\/style><div id=\"ut_am_wrap_69f5ebf09ecb6\" class=\"ut-image-gallery-image \" style=\"text-align:left;\"><div class=\"ut-animated-image-item ut-image-gallery-item ut-animation-done\"><a class=\"ut-deactivated-link\" href=\"#\"><img  id=\"ut_am_69f5ebf09ecb5\" style=\"\" src=\"https:\/\/coiffeur-landwehrs.de\/wp-content\/uploads\/2024\/04\/xyz.jpg\" width=\"667\" height=\"867\" alt=\"\"\/><\/a><\/div><\/div><\/div><div class=\"wpb_content_element \"><style type=\"text\/css\" scoped>#ut-svg-69f5ebf09ece4 { display:none; }#ut-svg-69f5ebf09ece4.ut-svg-loaded { display:block; }#ut-svg-69f5ebf09ece4 path { stroke:rgba(195, 159, 118, 1); }<\/style><div id=\"ut_sc_69f5ebf09ece3\"  class=\"ut-horizontal-style-align-left  clearfix \" ><div class=\"ut-service-column ut-service-column-horiz\"><h3>Melanie<\/h3><p>Rezeption<br \/>\nHaarw\u00e4sche und Kopfmassagen<\/p><\/div><\/div><\/div>[\/vc_column][vc_column width=&#8220;1\/3&#8243;]<div  class=\"wpb_content_element   clearfix\"><style type=\"text\/css\" scoped>#ut_am_69f5ebf09ef7b { opacity: 1; }<\/style><div id=\"ut_am_wrap_69f5ebf09ef7c\" class=\"ut-image-gallery-image \" style=\"text-align:left;\"><div class=\"ut-animated-image-item ut-image-gallery-item ut-animation-done\"><a class=\"ut-deactivated-link\" href=\"#\"><img  id=\"ut_am_69f5ebf09ef7b\" style=\"\" src=\"https:\/\/coiffeur-landwehrs.de\/wp-content\/uploads\/2025\/11\/235A3017.jpg\" width=\"667\" height=\"867\" alt=\"\"\/><\/a><\/div><\/div><\/div><div class=\"wpb_content_element \"><style type=\"text\/css\" scoped>#ut-svg-69f5ebf09efa9 { display:none; }#ut-svg-69f5ebf09efa9.ut-svg-loaded { display:block; }#ut-svg-69f5ebf09efa9 path { stroke:rgba(195, 159, 118, 1); }<\/style><div id=\"ut_sc_69f5ebf09efa8\"  class=\"ut-horizontal-style-align-left  clearfix \" ><div class=\"ut-service-column ut-service-column-horiz\"><h3>Didem<\/h3><p>Friseurin<\/p><\/div><\/div><\/div>[\/vc_column][\/vc_row][vc_row bklyn_overlay=&#8220;true&#8220; css=&#8220;.vc_custom_1557397742851{padding-top: 200px !important;padding-bottom: 160px !important;background-image: url(https:\/\/coiffeur-landwehrs.de\/wp-content\/uploads\/2019\/05\/laden_2.jpg?id=771) !important;background-position: center !important;background-repeat: no-repeat !important;background-size: cover !important;}&#8220; bklyn_overlay_color=&#8220;rgba(20, 22, 24, 0.35)&#8220; el_name=&#8220;Padding: 200 0 160 0&#8243;][vc_column hide_bg_mobile=&#8220;true&#8220;]<div class=\"wpb_content_element \"><style type=\"text\/css\" scoped>#ut_header_69f5ebf09efdb h2 span { color:#ffffff; }#ut_header_69f5ebf09efdb .lead { color:rgba(255, 255, 255, 0.75); }#ut_header_69f5ebf09efdb .lead p { color:rgba(255, 255, 255, 0.75); }#ut_header_69f5ebf09efdb.pt-style-2 .page-title:after, #ut_header_69f5ebf09efdb.pt-style-2 .parallax-title:after, #ut_header_69f5ebf09efdb.pt-style-2 .section-title:after {background-color: #c29e75 !important;height: ;width: ;}<\/style><header id=\"ut_header_69f5ebf09efdb\" class=\"section-header ut-no-title-linebreak-mobile ut-no-lead-linebreak-mobile pt-style-2 header-left\"><h2  class=\"section-title \"><span>Coiffeur Landwehrs<\/span><\/h2><div data-delay=\"0\" class=\"lead \"><p>Mit Leidenschaft und Kreativit\u00e4t ber\u00e4t Sie unser Team typgerecht und ehrlich zum Thema Schnitt, Farbe und Pflege Ihrer Haare.<\/p>\n<\/div><\/header><\/div>[\/vc_column][\/vc_row][\/vc_section][vc_section el_name=&#8220;Unsere Leistungen&#8220; bklyn_section_anchor_id=&#8220;Unsere Leistungen&#8220;][vc_row][vc_column]<div class=\"wpb_content_element \"><style type=\"text\/css\" scoped>#ut_header_69f5ebf09f429.pt-style-2 .page-title:after, #ut_header_69f5ebf09f429.pt-style-2 .parallax-title:after, #ut_header_69f5ebf09f429.pt-style-2 .section-title:after {background-color:!important;height: ;width: ;}<\/style><header id=\"ut_header_69f5ebf09f429\" class=\"section-header ut-no-title-linebreak-mobile ut-no-lead-linebreak-mobile pt-style-2 header-left\"><h2  class=\"section-title \"><span>Unsere Leistungen<\/span><\/h2><div data-delay=\"0\" class=\"lead \"><p>Zu unserem umfangreichen Angebot geh\u00f6ren unter anderem die folgenden Leistungen<\/p>\n<\/div><\/header><\/div>[\/vc_column][\/vc_row][vc_row][vc_column width=&#8220;1\/3&#8243;]<div class=\"wpb_content_element \"><style type=\"text\/css\" scoped>#ut_scv_69f5ebf09f8a2 .ut-service-icon i { color: rgba(195, 159, 118, 1); }<\/style><div id=\"ut_scv_69f5ebf09f8a2\" class=\" clearfix  ut-vertical-style ut-vertical-style-align-center\" ><figure  class=\"ut-service-icon ut-custom-icon ut-service-icon-normal ut-service-icon-large\"><img alt=\"Damenhaarschnitt\" src=\"https:\/\/coiffeur-landwehrs.de\/wp-content\/uploads\/2019\/05\/scheere-1.svg\"><\/figure><div class=\"ut-service-column ut-vertical\"><h3>Damenhaarschnitt<\/h3><p><\/p><\/div><\/div><\/div>[\/vc_column][vc_column width=&#8220;1\/3&#8243;]<div class=\"wpb_content_element \"><style type=\"text\/css\" scoped>#ut_scv_69f5ebf09fadb .ut-service-icon i { color: rgba(195, 159, 118, 1); }<\/style><div id=\"ut_scv_69f5ebf09fadb\" class=\" clearfix  ut-vertical-style ut-vertical-style-align-center\" ><figure  class=\"ut-service-icon ut-custom-icon ut-service-icon-normal ut-service-icon-large\"><img alt=\"F\u00f6hnfrisuren\" src=\"https:\/\/coiffeur-landwehrs.de\/wp-content\/uploads\/2019\/05\/foen.svg\"><\/figure><div class=\"ut-service-column ut-vertical\"><h3>F\u00f6hnfrisuren<\/h3><p><\/p><\/div><\/div><\/div>[\/vc_column][vc_column width=&#8220;1\/3&#8243;]<div class=\"wpb_content_element \"><style type=\"text\/css\" scoped>#ut_scv_69f5ebf09fcb6 .ut-service-icon i { color: rgba(195, 159, 118, 1); }<\/style><div id=\"ut_scv_69f5ebf09fcb6\" class=\" clearfix  ut-vertical-style ut-vertical-style-align-center\" ><figure  class=\"ut-service-icon ut-custom-icon ut-service-icon-normal ut-service-icon-large\"><img alt=\"Colorieren\" src=\"https:\/\/coiffeur-landwehrs.de\/wp-content\/uploads\/2019\/05\/kamm.svg\"><\/figure><div class=\"ut-service-column ut-vertical\"><h3>Colorieren<\/h3><p><\/p><\/div><\/div><\/div>[\/vc_column][\/vc_row][vc_row][vc_column width=&#8220;1\/3&#8243;]<div class=\"wpb_content_element \"><style type=\"text\/css\" scoped>#ut_scv_69f5ebf09fe94 .ut-service-icon i { color: rgba(195, 159, 118, 1); }<\/style><div id=\"ut_scv_69f5ebf09fe94\" class=\" clearfix  ut-vertical-style ut-vertical-style-align-center\" ><figure  class=\"ut-service-icon ut-custom-icon ut-service-icon-normal ut-service-icon-large\"><img alt=\"Herrenhaarschnitt\" src=\"https:\/\/coiffeur-landwehrs.de\/wp-content\/uploads\/2019\/05\/weste-1.svg\"><\/figure><div class=\"ut-service-column ut-vertical\"><h3>Herrenhaarschnitt<\/h3><p><\/p><\/div><\/div><\/div>[\/vc_column][vc_column width=&#8220;1\/3&#8243;]<div class=\"wpb_content_element \"><style type=\"text\/css\" scoped>#ut_scv_69f5ebf0a0095 .ut-service-icon i { color: rgba(195, 159, 118, 1); }<\/style><div id=\"ut_scv_69f5ebf0a0095\" class=\" clearfix  ut-vertical-style ut-vertical-style-align-center\" ><figure  class=\"ut-service-icon ut-custom-icon ut-service-icon-normal ut-service-icon-large\"><img alt=\"Rasur\" src=\"https:\/\/coiffeur-landwehrs.de\/wp-content\/uploads\/2019\/05\/rasiermesser.svg\"><\/figure><div class=\"ut-service-column ut-vertical\"><h3>Rasur<\/h3><p><\/p><\/div><\/div><\/div>[\/vc_column][vc_column width=&#8220;1\/3&#8243;]<div class=\"wpb_content_element \"><style type=\"text\/css\" scoped>#ut_scv_69f5ebf0a0273 .ut-service-icon i { color: rgba(195, 159, 118, 1); }<\/style><div id=\"ut_scv_69f5ebf0a0273\" class=\" clearfix  ut-vertical-style ut-vertical-style-align-center\" ><figure  class=\"ut-service-icon ut-custom-icon ut-service-icon-normal ut-service-icon-large\"><img alt=\"Bartpflege\" src=\"https:\/\/coiffeur-landwehrs.de\/wp-content\/uploads\/2019\/05\/bart.svg\"><\/figure><div class=\"ut-service-column ut-vertical\"><h3>Bartpflege<\/h3><p><\/p><\/div><\/div><\/div>[\/vc_column][\/vc_row][vc_row][vc_column width=&#8220;1\/3&#8243;]<div class=\"wpb_content_element \"><style type=\"text\/css\" scoped>#ut_scv_69f5ebf0a0447 .ut-service-icon i { color: rgba(195, 159, 118, 1); }<\/style><div id=\"ut_scv_69f5ebf0a0447\" class=\" clearfix  ut-vertical-style ut-vertical-style-align-center\" ><figure  class=\"ut-service-icon ut-custom-icon ut-service-icon-normal ut-service-icon-large\"><img alt=\"Brautfrisuren\" src=\"https:\/\/coiffeur-landwehrs.de\/wp-content\/uploads\/2019\/05\/braut.svg\"><\/figure><div class=\"ut-service-column ut-vertical\"><h3>Brautfrisuren<\/h3><p><\/p><\/div><\/div><\/div>[\/vc_column][vc_column width=&#8220;1\/3&#8243;]<div class=\"wpb_content_element \"><style type=\"text\/css\" scoped>#ut_scv_69f5ebf0a0621 .ut-service-icon i { color: rgba(195, 159, 118, 1); }<\/style><div id=\"ut_scv_69f5ebf0a0621\" class=\" clearfix  ut-vertical-style ut-vertical-style-align-center\" ><figure  class=\"ut-service-icon ut-custom-icon ut-service-icon-normal ut-service-icon-large\"><img alt=\"Haarverl\u00e4ngerung\" src=\"https:\/\/coiffeur-landwehrs.de\/wp-content\/uploads\/2019\/05\/lineal.svg\"><\/figure><div class=\"ut-service-column ut-vertical\"><h3>Haarverl\u00e4ngerung<\/h3><p><\/p><\/div><\/div><\/div>[\/vc_column][vc_column width=&#8220;1\/3&#8243;]<div class=\"wpb_content_element \"><style type=\"text\/css\" scoped>#ut_scv_69f5ebf0a07ea .ut-service-icon i { color: rgba(195, 159, 118, 1); }<\/style><div id=\"ut_scv_69f5ebf0a07ea\" class=\" clearfix  ut-vertical-style ut-vertical-style-align-center\" ><figure  class=\"ut-service-icon ut-custom-icon ut-service-icon-normal ut-service-icon-large\"><img alt=\"Event- &amp; Spezialfrisuren\" src=\"https:\/\/coiffeur-landwehrs.de\/wp-content\/uploads\/2019\/05\/glaeser.svg\"><\/figure><div class=\"ut-service-column ut-vertical\"><h3>Event- &amp; Spezialfrisuren<\/h3><p><\/p><\/div><\/div><\/div>[\/vc_column][\/vc_row][\/vc_section][vc_section el_name=&#8220;Ausbildung&#8220; bklyn_section_anchor_id=&#8220;Ausbildung&#8220;][vc_row bklyn_overlay=&#8220;true&#8220; css=&#8220;.vc_custom_1557397767339{padding-top: 200px !important;padding-bottom: 160px !important;background-image: url(https:\/\/coiffeur-landwehrs.de\/wp-content\/uploads\/2019\/05\/laden1_1.jpg?id=765) !important;background-position: center !important;background-repeat: no-repeat !important;background-size: cover !important;}&#8220; bklyn_overlay_color=&#8220;rgba(20, 22, 24, 0.35)&#8220; el_name=&#8220;Padding 200 0 160 0&#8243;][vc_column]<div class=\"wpb_content_element \"><style type=\"text\/css\" scoped>#ut_header_69f5ebf0a0861 h2 span { color:#ffffff; }#ut_header_69f5ebf0a0861 .lead { color:rgba(255, 255, 255, 0.75); }#ut_header_69f5ebf0a0861 .lead p { color:rgba(255, 255, 255, 0.75); }#ut_header_69f5ebf0a0861.pt-style-2 .page-title:after, #ut_header_69f5ebf0a0861.pt-style-2 .parallax-title:after, #ut_header_69f5ebf0a0861.pt-style-2 .section-title:after {background-color: #c29e75 !important;height: ;width: ;}<\/style><header id=\"ut_header_69f5ebf0a0861\" class=\"section-header ut-no-title-linebreak-mobile ut-no-lead-linebreak-mobile pt-style-2 header-left\"><h2  class=\"section-title \"><span>Bewirb dich bei uns!<\/span><\/h2><div data-delay=\"0\" class=\"lead \"><p>Du bist teamf\u00e4hig, zielstrebig und wissenshungrig? Reizt dich der Job als Friseur? Arbeitest Du gerne mit Menschen?<\/p>\n<p>Dann bewirb Dich jetzt bei uns f\u00fcr eine Ausbildung!<br \/>\nSchick uns einfach Dein Bewerbungsschreiben und einen aktuellen Lebenslauf an unsere E-Mail-Adresse <a href=\"mailto:bewerbung@coiffeur-landwehrs.de\">bewerbung@coiffeur-landwehrs.de<\/a><\/p>\n<p>Nat\u00fcrlich kannst Du Deine Bewerbung auch pers\u00f6nlich bei uns einreichen.<br \/>\nWir w\u00fcrden uns sehr freuen, Dich pers\u00f6nlich kennenzulernen!<\/p>\n<\/div><\/header><\/div>[\/vc_column][\/vc_row][\/vc_section][vc_section bklyn_section_anchor_id=&#8220;Produkte&#8220;][vc_row][vc_column]<div class=\"wpb_content_element \"><style type=\"text\/css\" scoped>#ut_header_69f5ebf0a0b56 h2 span { color:#222222; }#ut_header_69f5ebf0a0b56 .lead { color:rgba(255, 255, 255, 0.75); }#ut_header_69f5ebf0a0b56 .lead p { color:rgba(255, 255, 255, 0.75); }#ut_header_69f5ebf0a0b56.pt-style-2 .page-title:after, #ut_header_69f5ebf0a0b56.pt-style-2 .parallax-title:after, #ut_header_69f5ebf0a0b56.pt-style-2 .section-title:after {background-color: #c29e75 !important;height: ;width: ;}<\/style><header id=\"ut_header_69f5ebf0a0b56\" class=\"section-header ut-no-title-linebreak-mobile ut-no-lead-linebreak-mobile pt-style-2 header-left\"><h2  class=\"section-title \"><span>Wir nutzen nur die hochwertigen Produkte folgender Hersteller<\/span><\/h2><\/header><\/div>[\/vc_column][\/vc_row][vc_row content_placement=&#8220;middle&#8220;][vc_column width=&#8220;1\/3&#8243;]<div  class=\"wpb_content_element   clearfix\"><style type=\"text\/css\" scoped>#ut_am_69f5ebf0a113b { opacity: 1; }<\/style><div id=\"ut_am_wrap_69f5ebf0a113c\" class=\"ut-image-gallery-image mobilesmaller\" style=\"text-align:center;\"><div class=\"ut-animated-image-item ut-image-gallery-item ut-animation-done\"><a target=\" _blank\" href=\"https:\/\/iconproducts.com\/international\/de\/\" ><img  id=\"ut_am_69f5ebf0a113b\" style=\"\" src=\"https:\/\/coiffeur-landwehrs.de\/wp-content\/uploads\/2019\/05\/icon_logo_black.svg\" width=\"325\" height=\"217\" alt=\"\"\/><\/a><\/div><\/div><\/div>[\/vc_column][vc_column width=&#8220;1\/3&#8243;]<div  class=\"wpb_content_element   clearfix\"><style type=\"text\/css\" scoped>#ut_am_69f5ebf0a145f { opacity: 1; }<\/style><div id=\"ut_am_wrap_69f5ebf0a1460\" class=\"ut-image-gallery-image mobilesmaller\" style=\"text-align:center;\"><div class=\"ut-animated-image-item ut-image-gallery-item ut-animation-done\"><a target=\" _blank\" href=\"https:\/\/www.kerastase.de\" ><img  id=\"ut_am_69f5ebf0a145f\" style=\"\" src=\"https:\/\/coiffeur-landwehrs.de\/wp-content\/uploads\/2019\/05\/kerastase_logo_black.svg\" width=\"325\" height=\"217\" alt=\"\"\/><\/a><\/div><\/div><\/div>[\/vc_column][vc_column width=&#8220;1\/3&#8243;]<div  class=\"wpb_content_element   clearfix\"><style type=\"text\/css\" scoped>#ut_am_69f5ebf0a172a { opacity: 1; }<\/style><div id=\"ut_am_wrap_69f5ebf0a172b\" class=\"ut-image-gallery-image mobilesmaller\" style=\"text-align:center;\"><div class=\"ut-animated-image-item ut-image-gallery-item ut-animation-done\"><a target=\" _blank\" href=\"https:\/\/www.glynt.com\" ><img  id=\"ut_am_69f5ebf0a172a\" style=\"\" src=\"https:\/\/coiffeur-landwehrs.de\/wp-content\/uploads\/2019\/05\/glynt_logo_black.svg\" width=\"325\" height=\"217\" alt=\"\"\/><\/a><\/div><\/div><\/div>[\/vc_column][\/vc_row][\/vc_section][vc_section][vc_row bklyn_overlay=&#8220;true&#8220; css=&#8220;.vc_custom_1557397689875{padding-top: 200px !important;padding-bottom: 160px !important;background-image: url(https:\/\/coiffeur-landwehrs.de\/wp-content\/uploads\/2019\/05\/barber1.jpg?id=746) !important;background-position: center !important;background-repeat: no-repeat !important;background-size: cover !important;}&#8220; bklyn_overlay_color=&#8220;rgba(20, 22, 24, 0.35)&#8220; el_name=&#8220;Padding: 200 0 160 0&#8243;][vc_column]<div class=\"wpb_content_element \"><style type=\"text\/css\" scoped>#ut_header_69f5ebf0a176f h2 span { color:#ffffff; }#ut_header_69f5ebf0a176f .lead { color:rgba(255, 255, 255, 0.75); }#ut_header_69f5ebf0a176f .lead p { color:rgba(255, 255, 255, 0.75); }#ut_header_69f5ebf0a176f.pt-style-2 .page-title:after, #ut_header_69f5ebf0a176f.pt-style-2 .parallax-title:after, #ut_header_69f5ebf0a176f.pt-style-2 .section-title:after {background-color: #c29e75 !important;height: ;width: ;}<\/style><header id=\"ut_header_69f5ebf0a176f\" class=\"section-header ut-no-title-linebreak-mobile ut-no-lead-linebreak-mobile pt-style-2 header-left\"><h2  class=\"section-title \"><span>Vereinbaren Sie noch heute einen Termin!<\/span><\/h2><div data-delay=\"0\" class=\"lead \"><p>Unser erfahrenes und kreatives Team erf\u00fcllt auch Ihre anspruchsvollen W\u00fcnsche.<\/p>\n<\/div><\/header><\/div>[\/vc_column][\/vc_row][\/vc_section][vc_section el_name=&#8220;Hairtalk&#8220; bklyn_section_anchor_id=&#8220;Hairtalk&#8220; css=&#8220;.vc_custom_1557312583363{margin-bottom: 0px !important;padding-bottom: 0px !important;}&#8220;][vc_row][vc_column width=&#8220;1\/4&#8243; css=&#8220;.vc_custom_1557273413272{padding-right: 30px !important;}&#8220;]<div  class=\"wpb_content_element   clearfix\"><style type=\"text\/css\" scoped>#ut_am_69f5ebf0a1c7a { opacity: 1; }<\/style><div id=\"ut_am_wrap_69f5ebf0a1c7b\" class=\"ut-image-gallery-image \" style=\"text-align:left;\"><div class=\"ut-animated-image-item ut-image-gallery-item ut-animation-done\"><a target=\" _blank\" href=\"https:\/\/www.hairtalk.de\" ><img  id=\"ut_am_69f5ebf0a1c7a\" style=\"\" src=\"https:\/\/coiffeur-landwehrs.de\/wp-content\/uploads\/2019\/05\/hairtalk_logo_black.svg\" width=\"325\" height=\"217\" alt=\"\"\/><\/a><\/div><\/div><\/div>[\/vc_column][vc_column width=&#8220;3\/4&#8243; css=&#8220;.vc_custom_1557273409644{padding-left: 30px !important;}&#8220;][vc_column_text]Mit dem Team von Coiffeur Landwehrs und den Produkten von Hairtalk, geh\u00f6ren langwierige Verl\u00e4ngerungs- und haarsch\u00e4digende Entfernungssitzungen der Vergangenheit an.<\/p>\n<p>Auch wie wir greifen weltweit professionelle Salons zu dem exklusiven und ultraflachen Klebebefestigungssystem von hairtalk. Hochqualitatives Remi-Echthaar in Verbindung mit den haarschonenden, hypoallergenen Klebe-Tapes von hairtalk f\u00fchren zu diskreten und bequemen Extensions, die sich nahtlos und unsichtbar in ihr nat\u00fcrliches Haar einf\u00fcgen. Erzielen Sie Volumen, L\u00e4nge und Farbeffekte innerhalb weniger Minuten.[\/vc_column_text][\/vc_column][\/vc_row][vc_row css=&#8220;.vc_custom_1556323204683{margin-top: 0px !important;margin-right: 0px !important;margin-bottom: 0px !important;margin-left: 0px !important;padding-top: 0px !important;padding-right: 0px !important;padding-bottom: 0px !important;padding-left: 0px !important;}&#8220;][vc_column css=&#8220;.vc_custom_1556323193958{margin-top: 0px !important;margin-right: 0px !important;margin-bottom: 0px !important;margin-left: 0px !important;padding-top: 0px !important;padding-right: 0px !important;padding-bottom: 0px !important;padding-left: 0px !important;}&#8220;]<div class=\"wpb_content_element  vc_custom_1557273526959\">\r\n            <script type=\"text\/javascript\">\r\n\r\n                (function($){\r\n\r\n                    $(document).ready(function(){\r\n\r\n\t\t\t\t\t\t\r\n                        var owl_ut_ms_69f5ebf0a1cce = {\r\n\r\n                            items:1,\r\n                            lazyLoad: true,\r\n                            smartSpeed: 600,\r\n                            animateIn: \"\",\r\n                            animateOut: \"\",\r\n                            autoplay: true,\r\n                            autoplayHoverPause: true,\r\n                            autoplayTimeout: 5000,\r\n                            loop:true,\r\n                            nav: false,\r\n                            dots: false,\r\n\r\n                        };\r\n\r\n\t\t\t\t\t\t                        var $owl_ut_ms_69f5ebf0a1cce = $( \"#ut_ms_69f5ebf0a1cce\" );\r\n\r\n                        if ( $( \"#ut_ms_69f5ebf0a1cce\" ).closest( '.vc_row[data-vc-full-width]' ).length && $( window ).width() > 1600 ) {\r\n\r\n                            \/* wait for f***king vc *\/\r\n                            new ResizeSensor( $( \"#ut_ms_69f5ebf0a1cce\" ).closest( '.vc_row[data-vc-full-width]' ), function () {\r\n\r\n                                $owl_ut_ms_69f5ebf0a1cce.owlCarousel( owl_ut_ms_69f5ebf0a1cce );\r\n\r\n                            } );\r\n\r\n                        } else if ( $( \"#ut_ms_69f5ebf0a1cce\" ).closest( '.vc_section[data-vc-full-width]' ).length && $( window ).width() > 1600 ) {\r\n\r\n                            \/* wait for f***king vc *\/\r\n                            new ResizeSensor( $( \"#ut_ms_69f5ebf0a1cce\" ).closest( '.vc_section[data-vc-full-width]' ), function () {\r\n\r\n                                $owl_ut_ms_69f5ebf0a1cce.owlCarousel( owl_ut_ms_69f5ebf0a1cce );\r\n\r\n                            } );\r\n\r\n                        } else {\r\n\r\n                            $owl_ut_ms_69f5ebf0a1cce.owlCarousel( owl_ut_ms_69f5ebf0a1cce );\r\n\r\n                        }\r\n\r\n                        if ( $().lightGallery ) {\r\n\r\n                            var $lightgallery_ut_ms_69f5ebf0a1cce = $( \"#ut_ms_69f5ebf0a1cce\" );\r\n\r\n                            var lightgallery_ut_ms_69f5ebf0a1cce = {\r\n                                selector: \".for-lightbox\",\r\n                                hash: false,\r\n                                thumbnail: false,\r\n                                exThumbImage: \"data-exthumbimage\",\r\n                                getCaptionFromTitleOrAlt: \"true\"\r\n                            };\r\n\r\n                            \/* run lightgallery *\/\r\n                            $lightgallery_ut_ms_69f5ebf0a1cce.lightGallery( lightgallery_ut_ms_69f5ebf0a1cce );\r\n\r\n                            $owl_ut_ms_69f5ebf0a1cce.on( 'changed.owl.carousel', function ( event ) {\r\n\r\n                                $lightgallery_ut_ms_69f5ebf0a1cce.data( 'lightGallery' ).destroy( true, true );\r\n                                $lightgallery_ut_ms_69f5ebf0a1cce.lightGallery( lightgallery_ut_ms_69f5ebf0a1cce );\r\n\r\n                            });\r\n\r\n\t\t\t\t\t\t\t\r\n                            $lightgallery_ut_ms_69f5ebf0a1cce.on('onAfterOpen.lg',function(event){\r\n                                $owl_ut_ms_69f5ebf0a1cce.trigger('stop.owl.autoplay');\r\n                            });\r\n\r\n                            $lightgallery_ut_ms_69f5ebf0a1cce.on('onCloseAfter.lg',function(event){\r\n                                $owl_ut_ms_69f5ebf0a1cce.trigger('play.owl.autoplay');\r\n                            });\r\n\r\n\t\t\t\t\t\t\t\r\n                        }\r\n\r\n                    });\r\n\r\n                })(jQuery);\r\n\r\n            <\/script>\r\n\r\n\t\t\t<style type=\"text\/css\" scoped>#ut_ms_css_69f5ebf0a1ccf .ut-gallery-slider-caption-wrap::before { content: \"\"; }#ut_ms_css_69f5ebf0a1ccf .ut-gallery-slider-caption-wrap:hover::after {opacity: 0}<\/style><div id=\"ut_ms_css_69f5ebf0a1ccf\" class=\"ut-owl-gallery-slider-wrap\"><div id=\"ut_ms_69f5ebf0a1cce\" class=\"ut-owl-gallery-slider owl-theme owl-carousel \"><div><figure class=\"ut-gallery-slider-caption-wrap\"><img class=\"item owl-lazy\" data-src=\"https:\/\/coiffeur-landwehrs.de\/wp-content\/uploads\/2019\/04\/1_25cm_hairtalk-1300x867.jpg\" \/><\/figure><\/div><div><figure class=\"ut-gallery-slider-caption-wrap\"><img class=\"item owl-lazy\" data-src=\"https:\/\/coiffeur-landwehrs.de\/wp-content\/uploads\/2019\/04\/2_40cm_hairtalk-1300x867.jpg\" \/><\/figure><\/div><div><figure class=\"ut-gallery-slider-caption-wrap\"><img class=\"item owl-lazy\" data-src=\"https:\/\/coiffeur-landwehrs.de\/wp-content\/uploads\/2019\/04\/3_55cm_hairtalk-1300x867.jpg\" \/><\/figure><\/div><\/div><\/div><\/div>[\/vc_column][\/vc_row][\/vc_section][vc_section background_attachment=&#8220;fixed&#8220; el_name=&#8220;Anfahrt&#8220; css=&#8220;.vc_custom_1557272568299{margin-top: 0px !important;margin-bottom: 0px !important;padding-top: 0px !important;padding-bottom: 0px !important;background-color: #262626 !important;}&#8220; bklyn_section_anchor_id=&#8220;Anfahrt&#8220;][vc_row full_width=&#8220;stretch_row_content_no_spaces&#8220; el_name=&#8220;Google Map \/ Padding and Margin bottom 0&#8243;][vc_column]<div class=\"wpb_content_element  vc_custom_1557306997368\">\t\t\t\r\n\t\t\t<script>\r\n\t\t\t\r\n\t\t\t\tfunction map_callback_69f5ebf0a2a9d() {\r\n\t\t\t\t\t\r\n\t\t\t\t\t\t\t\t\t\t\r\n\t\t\t\t\t\tvar address = 'Sebastianusstr. 13, 41460 Neuss, Germany';\r\n\t\t\t\t\t\r\n\t\t\t\t\t\tvar map = new google.maps.Map(document.getElementById('ut_google_map_69f5ebf0a2a90'), {\r\n\t\t\t\t\t\t\t\r\n\t\t\t\t\t\t\tstyles:[{\"featureType\":\"all\",\"elementType\":\"labels.text.fill\",\"stylers\":[{\"saturation\":36},{\"color\":\"#000000\"},{\"lightness\":40}]},{\"featureType\":\"all\",\"elementType\":\"labels.text.stroke\",\"stylers\":[{\"visibility\":\"on\"},{\"color\":\"#000000\"},{\"lightness\":16}]},{\"featureType\":\"all\",\"elementType\":\"labels.icon\",\"stylers\":[{\"visibility\":\"off\"}]},{\"featureType\":\"administrative\",\"elementType\":\"geometry.fill\",\"stylers\":[{\"color\":\"#000000\"},{\"lightness\":20}]},{\"featureType\":\"administrative\",\"elementType\":\"geometry.stroke\",\"stylers\":[{\"color\":\"#000000\"},{\"lightness\":17},{\"weight\":1.2}]},{\"featureType\":\"landscape\",\"elementType\":\"geometry\",\"stylers\":[{\"color\":\"#000000\"},{\"lightness\":20}]},{\"featureType\":\"poi\",\"elementType\":\"geometry\",\"stylers\":[{\"color\":\"#000000\"},{\"lightness\":21}]},{\"featureType\":\"road.highway\",\"elementType\":\"geometry.fill\",\"stylers\":[{\"color\":\"#000000\"},{\"lightness\":17}]},{\"featureType\":\"road.highway\",\"elementType\":\"geometry.stroke\",\"stylers\":[{\"color\":\"#000000\"},{\"lightness\":29},{\"weight\":0.2}]},{\"featureType\":\"road.arterial\",\"elementType\":\"geometry\",\"stylers\":[{\"color\":\"#000000\"},{\"lightness\":18}]},{\"featureType\":\"road.local\",\"elementType\":\"geometry\",\"stylers\":[{\"color\":\"#000000\"},{\"lightness\":16}]},{\"featureType\":\"transit\",\"elementType\":\"geometry\",\"stylers\":[{\"color\":\"#000000\"},{\"lightness\":19}]},{\"featureType\":\"water\",\"elementType\":\"geometry\",\"stylers\":[{\"color\":\"#000000\"},{\"lightness\":17}]}], zoom:17, mapTypeControl:false, fullscreenControl:false, streetViewControl:false\t\t\t\t\t\t\t\t\t\r\n\t\t\t\t\t\t});\r\n\t\t\t\t\t\r\n\t\t\t\t\t\tvar geocoder = new google.maps.Geocoder();\r\n\t\t\t\t\t\r\n\t\t\t\t\t\tgeocoder.geocode({\r\n\t\t\t\t\t\t\t'address': address\r\n\t\t\t\t\t\t}, \r\n\t\t\t\t\t\tfunction( results, status ) {\r\n\r\n\t\t\t\t\t\t\tif(status == google.maps.GeocoderStatus.OK) {\r\n\r\n\t\t\t\t\t\t\t\tvar clmarker = new google.maps.Marker({\r\n\t\t\t\t\t\t\t\t\tposition: results[0].geometry.location,\r\n\t\t\t\t\t\t\t\t\ticon:\"https:\/\/coiffeur-landwehrs.de\/wp-content\/uploads\/2018\/05\/map-pin.png\",\t\t\t\t\t\t\t\t\tmap: map\r\n\t\t\t\t\t\t\t\t});\r\n\t\t\t\t\t\t\t\tgoogle.maps.event.addListener(clmarker, 'click', function() {\r\n\t\t\t\t\t\t\t\t\twindow.location.href = \"https:\/\/maps.google.com\/maps?daddr=Sebastianusstr.+13+41460+Neuss\";\r\n\t\t\t\t\t\t\t\t});\r\n\t\t\t\t\t\t\t\tmap.setCenter(results[0].geometry.location);\r\n\r\n\t\t\t\t\t\t\t}\r\n\t\t\t\t\t\t\t\r\n\t\t\t\t\t   });\r\n\t\t\t\t\t\r\n\t\t\t\t\t\t\t\t\t\t\r\n\t\t\t\t}\r\n\t\t\t\r\n\t\t\t<\/script>\r\n\t\t\t\r\n\t\t\t<style type=\"text\/css\" scoped>@media (max-width: 767px) {#ut_google_map_wrap69f5ebf0a2a92 {height: 60vh;}}@media (max-width: 767px) {#ut_google_map_wrap69f5ebf0a2a92 {width: 100%;}}@media (min-width: 768px) and (max-width: 1024px) {#ut_google_map_wrap69f5ebf0a2a92 {height: 60vh;}}@media (min-width: 768px) and (max-width: 1024px) {#ut_google_map_wrap69f5ebf0a2a92 {width: 100%;}}@media (min-width: 1025px) {#ut_google_map_wrap69f5ebf0a2a92 {height: 60vh;}}<\/style><div id=\"ut_google_map_wrap69f5ebf0a2a92\" class=\"ut-advanced-google-map-wrap  ut-advanced-google-map-wrap-center\"><div id=\"ut_google_map_69f5ebf0a2a90\" class=\"ut-advanced-google-map\"><\/div><\/div><\/div>[\/vc_column][\/vc_row][vc_row css=&#8220;.vc_custom_1557272505438{padding-top: 80px !important;padding-bottom: 80px !important;}&#8220; el_name=&#8220;Padding top\/bottom 80px&#8220;][vc_column width=&#8220;1\/2&#8243;]<div class=\"wpb_content_element \"><style type=\"text\/css\" scoped>#ut_sc_69f5ebf0a2d13 .ut-service-column h3 { color: #c29e75; }#ut-svg-69f5ebf0a2d14 { display:none; }#ut-svg-69f5ebf0a2d14.ut-svg-loaded { display:block; }#ut-svg-69f5ebf0a2d14 path { stroke:rgba(195, 159, 118, 1); }<\/style><div id=\"ut_sc_69f5ebf0a2d13\"  class=\"ut-horizontal-style-align-right  clearfix \" ><div class=\"ut-service-column ut-service-column-horiz\"><h3>\u00d6ffnungszeiten<\/h3><p>Montag: Geschlossen<br \/>\nDienstag: Geschlossen<br \/>\nMittwoch: 09:00 &#8211; 18:00<br \/>\nDonnerstag: 09:00 &#8211; 20:00<br \/>\nFreitag: 09:00 &#8211; 18:00<br \/>\nSamstag: 08:00 &#8211; 16:00<\/p><\/div><\/div><\/div>[\/vc_column][vc_column width=&#8220;1\/2&#8243;]<div class=\"wpb_content_element \"><style type=\"text\/css\" scoped>#ut_sc_69f5ebf0a2d7f .ut-service-column h3 { color: #c29e75; }#ut-svg-69f5ebf0a2d80 { display:none; }#ut-svg-69f5ebf0a2d80.ut-svg-loaded { display:block; }#ut-svg-69f5ebf0a2d80 path { stroke:rgba(195, 159, 118, 1); }<\/style><div id=\"ut_sc_69f5ebf0a2d7f\"  class=\"ut-horizontal-style-align-left  clearfix \" ><div class=\"ut-service-column ut-service-column-horiz\"><h3>Anschrift<\/h3><p>\n<p style=\"margin-top: -6px; margin-bottom: 28px;\"><a href=\"https:\/\/www.google.com\/maps?daddr=Sebastianusstr.+13+41460+Neuss\" rel=\"noopener noreferrer\">Coiffeur Landwehrs<br \/>\nSebastianusstr. 13<br \/>\n41460 Neuss<\/a><\/p>\n<p><a href=\"tel:+492131222915\">02131 222915<\/a><br \/>\n<a href=\"mailto:anfrage@coiffeur-landwehrs.de\">anfrage@coiffeur-landwehrs.de<\/a><\/p><\/div><\/div><\/div>[\/vc_column][\/vc_row][\/vc_section][vc_row el_id=&#8220;Preise&#8220; bklyn_section_anchor_id=&#8220;preise&#8220;][vc_column]<div class=\"wpb_content_element \"><\/div><div class=\"wpb_content_element \"><style type=\"text\/css\" scoped>.ut_menu_skin_69f5ebf0a2ff2 .ut-table-menu-title span { color: #ffffff; }.ut_menu_skin_69f5ebf0a2ff2 .ut-table-menu-title span { background: #c39f76; }.ut_menu_skin_69f5ebf0a2ff2 .ut-table-menu .ut-table-menu-top { border-color: #dddddd; }.ut_menu_skin_69f5ebf0a2ff2 .ut-table-menu em, .ut-table-menu sup { color: #262626; }.ut_menu_skin_69f5ebf0a2ff2 .ut-table-menu sup { color: #262626; }.ut_menu_skin_69f5ebf0a2ff2 .ut-table-menu em { background: #ffffff; }<\/style><div class=\"ut-table-menu-wrap ut_menu_skin_69f5ebf0a2ff2 ut-one-half\"><h3 class=\"ut-table-menu-title\"><span>Haarschnitt<\/span><\/h3><div class=\"ut-table-menu\"><div class=\"ut-table-menu-top\"><h6>Cut & Go Quickstyling<\/h6><p><em>ab 45\u20ac<\/em><\/p><\/div><div class=\"ut-table-menu-bottom\"><\/div><div class=\"ut-table-menu-top\"><h6>Damenhaarschnitt kurz (inkl. Waschen und Stylen)<\/h6><p><em>ab 55\u20ac<\/em><\/p><\/div><div class=\"ut-table-menu-bottom\"><\/div><div class=\"ut-table-menu-top\"><h6>Damenhaarschnitt lang (inkl. Waschen und Stylen)<\/h6><p><em>ab 65\u20ac<\/em><\/p><\/div><div class=\"ut-table-menu-bottom\"><\/div><div class=\"ut-table-menu-top\"><h6>Herrenhaarschnitt  (inkl. Waschen und Stylen)<\/h6><p><em>ab 30\u20ac<\/em><\/p><\/div><div class=\"ut-table-menu-bottom\"><\/div><div class=\"ut-table-menu-top\"><h6>Kinderhaarschnitt  (inkl. Waschen und Stylen)<\/h6><p><em>ab 20\u20ac<\/em><\/p><\/div><div class=\"ut-table-menu-bottom\"><\/div><div class=\"ut-table-menu-top\"><h6>M\u00e4dchenhaarschnitt (inkl. Waschen und Stylen) <\/h6><p><em>ab 30\u20ac<\/em><\/p><\/div><div class=\"ut-table-menu-bottom\"><\/div><\/div><\/div><div class=\"ut-table-menu-wrap ut_menu_skin_69f5ebf0a2ff2 ut-one-half ut-column-last\"><h3 class=\"ut-table-menu-title\"><span>Stylen & Frisuren<\/span><\/h3><div class=\"ut-table-menu\"><div class=\"ut-table-menu-top\"><h6>Quickstyling<\/h6><p><em>ab 1\u20ac\/min<\/em><\/p><\/div><div class=\"ut-table-menu-bottom\"><\/div><div class=\"ut-table-menu-top\"><h6>Waschen und F\u00f6hnen<\/h6><p><em>ab 28\u20ac<\/em><\/p><\/div><div class=\"ut-table-menu-bottom\"><\/div><div class=\"ut-table-menu-top\"><h6>Hochsteckfrisuren<\/h6><p><em>ab 50\u20ac<\/em><\/p><\/div><div class=\"ut-table-menu-bottom\"><\/div><div class=\"ut-table-menu-top\"><h6>Brautfrisuren<\/h6><p><em>ab 100\u20ac<\/em><\/p><\/div><div class=\"ut-table-menu-bottom\"><\/div><div class=\"ut-table-menu-top\"><h6>Locken<\/h6><p><em>ab 35\u20ac<\/em><\/p><\/div><div class=\"ut-table-menu-bottom\"><\/div><\/div><\/div><div class=\"clear\"><\/div><div class=\"ut-table-menu-wrap ut_menu_skin_69f5ebf0a2ff2 ut-one-half\"><h3 class=\"ut-table-menu-title\"><span>Colorationen<\/span><\/h3><div class=\"ut-table-menu\"><div class=\"ut-table-menu-top\"><h6>Ansatzfarbe<\/h6><p><em>ab 56\u20ac<\/em><\/p><\/div><div class=\"ut-table-menu-bottom\"><\/div><div class=\"ut-table-menu-top\"><h6>Globalfarbe<\/h6><p><em>ab 66\u20ac<\/em><\/p><\/div><div class=\"ut-table-menu-bottom\"><\/div><div class=\"ut-table-menu-top\"><h6>Babylights<\/h6><p><em>ab 40\u20ac<\/em><\/p><\/div><div class=\"ut-table-menu-bottom\"><\/div><div class=\"ut-table-menu-top\"><h6>Str\u00e4hnen halber Kopf<\/h6><p><em>ab 66\u20ac<\/em><\/p><\/div><div class=\"ut-table-menu-bottom\"><\/div><div class=\"ut-table-menu-top\"><h6>Str\u00e4hnen ganzer Kopf<\/h6><p><em>ab 80\u20ac<\/em><\/p><\/div><div class=\"ut-table-menu-bottom\"><\/div><div class=\"ut-table-menu-top\"><h6>Balayage<\/h6><p><em>ab 120\u20ac<\/em><\/p><\/div><div class=\"ut-table-menu-bottom\"><\/div><\/div><\/div><div class=\"ut-table-menu-wrap ut_menu_skin_69f5ebf0a2ff2 ut-one-half ut-column-last\"><h3 class=\"ut-table-menu-title\"><span>Haarpflege<\/span><\/h3><div class=\"ut-table-menu\"><div class=\"ut-table-menu-top\"><h6>Intensiv Maske<\/h6><p><em>ab 15\u20ac<\/em><\/p><\/div><div class=\"ut-table-menu-bottom\"><\/div><div class=\"ut-table-menu-top\"><h6>Pflegeritual<\/h6><p><em>ab 50\u20ac<\/em><\/p><\/div><div class=\"ut-table-menu-bottom\"><\/div><div class=\"ut-table-menu-top\"><h6>Kopfhautentgiftung<\/h6><p><em>ab 20\u20ac<\/em><\/p><\/div><div class=\"ut-table-menu-bottom\"><\/div><div class=\"ut-table-menu-top\"><h6>Proteinbehandlung<\/h6><p><em>ab 25\u20ac<\/em><\/p><\/div><div class=\"ut-table-menu-bottom\"><\/div><div class=\"ut-table-menu-top\"><h6>Glanzbehandlung<\/h6><p><em>ab 20\u20ac<\/em><\/p><\/div><div class=\"ut-table-menu-bottom\"><\/div><div class=\"ut-table-menu-top\"><h6>Anti Frizz Behandlung<\/h6><p><em>ab 70\u20ac<\/em><\/p><\/div><div class=\"ut-table-menu-bottom\"><\/div><div class=\"ut-table-menu-top\"><h6>Umformung (Teils)<\/h6><p><em>ab 56\u20ac<\/em><\/p><\/div><div class=\"ut-table-menu-bottom\"><\/div><div class=\"ut-table-menu-top\"><h6>Umformung (ganzer Kopf)<\/h6><p><em>ab 80\u20ac<\/em><\/p><\/div><div class=\"ut-table-menu-bottom\"><\/div><div class=\"ut-table-menu-top\"><h6>Verl\u00e4ngerung & Haarverdichtung<\/h6><p><em>Preis auf Anfrage<\/em><\/p><\/div><div class=\"ut-table-menu-bottom\"><\/div><\/div><\/div><div class=\"clear\"><\/div><div class=\"ut-table-menu-wrap ut_menu_skin_69f5ebf0a2ff2 \"><h3 class=\"ut-table-menu-title\"><span>Specials<\/span><\/h3><div class=\"ut-table-menu\"><div class=\"ut-table-menu-top\"><h6>Augenbrauen f\u00e4rben<\/h6><p><em>12\u20ac<\/em><\/p><\/div><div class=\"ut-table-menu-bottom\"><\/div><div class=\"ut-table-menu-top\"><h6>Wimpern f\u00e4rben<\/h6><p><em>15\u20ac<\/em><\/p><\/div><div class=\"ut-table-menu-bottom\"><\/div><div class=\"ut-table-menu-top\"><h6>Augenbraun und Wimpern (zupfen & f\u00e4rben)<\/h6><p><em>25\u20ac<\/em><\/p><\/div><div class=\"ut-table-menu-bottom\"><\/div><\/div><\/div><\/div>[\/vc_column][vc_column][\/vc_column][\/vc_row]<\/p>\n","protected":false},"excerpt":{"rendered":"<p>[vc_section el_name=&#8220;Das Team&#8220; bklyn_section_anchor_id=&#8220;Das Team&#8220;][vc_row bklyn_section_anchor_id=&#8220;Termin&#8220;][vc_column el_id=&#8220;termin&#8220;][\/vc_column][\/vc_row][vc_row][vc_column width=&#8220;5\/12&#8243;][\/vc_column][vc_column width=&#8220;7\/12&#8243;][\/vc_column][\/vc_row][vc_row][vc_column width=&#8220;1\/3&#8243;][\/vc_column][vc_column width=&#8220;1\/3&#8243;][\/vc_column][vc_column width=&#8220;1\/3&#8243;][\/vc_column][\/vc_row][vc_row][vc_column width=&#8220;1\/3&#8243;][\/vc_column][vc_column width=&#8220;1\/3&#8243;][\/vc_column][vc_column width=&#8220;1\/3&#8243;][\/vc_column][\/vc_row][vc_row bklyn_overlay=&#8220;true&#8220; css=&#8220;.vc_custom_1557397742851{padding-top: 200px !important;padding-bottom: 160px !important;background-image: url(https:\/\/coiffeur-landwehrs.de\/wp-content\/uploads\/2019\/05\/laden_2.jpg?id=771) !important;background-position: center !important;background-repeat: no-repeat !important;background-size: cover !important;}&#8220; bklyn_overlay_color=&#8220;rgba(20, 22, 24, 0.35)&#8220; el_name=&#8220;Padding: 200 0 160 0&#8243;][vc_column hide_bg_mobile=&#8220;true&#8220;][\/vc_column][\/vc_row][\/vc_section][vc_section el_name=&#8220;Unsere Leistungen&#8220; bklyn_section_anchor_id=&#8220;Unsere Leistungen&#8220;][vc_row][vc_column][\/vc_column][\/vc_row][vc_row][vc_column width=&#8220;1\/3&#8243;][\/vc_column][vc_column width=&#8220;1\/3&#8243;][\/vc_column][vc_column width=&#8220;1\/3&#8243;][\/vc_column][\/vc_row][vc_row][vc_column width=&#8220;1\/3&#8243;][\/vc_column][vc_column width=&#8220;1\/3&#8243;][\/vc_column][vc_column width=&#8220;1\/3&#8243;][\/vc_column][\/vc_row][vc_row][vc_column width=&#8220;1\/3&#8243;][\/vc_column][vc_column width=&#8220;1\/3&#8243;][\/vc_column][vc_column width=&#8220;1\/3&#8243;][\/vc_column][\/vc_row][\/vc_section][vc_section el_name=&#8220;Ausbildung&#8220; bklyn_section_anchor_id=&#8220;Ausbildung&#8220;][vc_row bklyn_overlay=&#8220;true&#8220; [&hellip;]<\/p>\n","protected":false},"author":1,"featured_media":0,"parent":0,"menu_order":0,"comment_status":"closed","ping_status":"closed","template":"","meta":{"footnotes":""},"_links":{"self":[{"href":"https:\/\/coiffeur-landwehrs.de\/index.php\/wp-json\/wp\/v2\/pages\/389"}],"collection":[{"href":"https:\/\/coiffeur-landwehrs.de\/index.php\/wp-json\/wp\/v2\/pages"}],"about":[{"href":"https:\/\/coiffeur-landwehrs.de\/index.php\/wp-json\/wp\/v2\/types\/page"}],"author":[{"embeddable":true,"href":"https:\/\/coiffeur-landwehrs.de\/index.php\/wp-json\/wp\/v2\/users\/1"}],"replies":[{"embeddable":true,"href":"https:\/\/coiffeur-landwehrs.de\/index.php\/wp-json\/wp\/v2\/comments?post=389"}],"version-history":[{"count":301,"href":"https:\/\/coiffeur-landwehrs.de\/index.php\/wp-json\/wp\/v2\/pages\/389\/revisions"}],"predecessor-version":[{"id":900,"href":"https:\/\/coiffeur-landwehrs.de\/index.php\/wp-json\/wp\/v2\/pages\/389\/revisions\/900"}],"wp:attachment":[{"href":"https:\/\/coiffeur-landwehrs.de\/index.php\/wp-json\/wp\/v2\/media?parent=389"}],"curies":[{"name":"wp","href":"https:\/\/api.w.org\/{rel}","templated":true}]}}